{"id":1885,"date":"2024-02-23T14:13:32","date_gmt":"2024-02-23T12:13:32","guid":{"rendered":"https:\/\/frankfurt-liebenswert.de\/?page_id=1885"},"modified":"2026-04-16T15:43:35","modified_gmt":"2026-04-16T13:43:35","slug":"gehaltene-vortraege","status":"publish","type":"page","link":"https:\/\/frankfurt-liebenswert.de\/?page_id=1885","title":{"rendered":"Unsere Bildervortr\u00e4ge f\u00fcr Ihre Veranstaltung"},"content":{"rendered":"<p>Wir kommen mit unseren Bildervortr\u00e4gen gerne zu Ihnen. Wir ben\u00f6tigen einen Laptop, einen Projektor, eine Leinwand bzw. eine ausreichend gro\u00dfe helle Wand als Projektionsfl\u00e4che. Wir freuen uns immer wenn die Ger\u00e4te vor Ort vorhanden sind. Zur Not k\u00f6nnen wir Laptop und Projektor auch mitbringen.\u00a0 Senden Sie uns bei Interesse eine E-Mail an info@frankfurt-liebenswert.de. Unsere Autorinnen und Autoren werden sich dann f\u00fcr konkrete Absprachen mit Ihnen in Verbindung setzen.<\/p>\n<h4><span style=\"color: #ff0000;\">Unser Themenangebot:<\/span><\/h4>\n<h5><span style=\"color: #0000ff;\"><strong>Georg Philipp Telemann<\/strong><\/span><\/h5>\n<p><img loading=\"lazy\" decoding=\"async\" class=\"alignleft\" src=\"https:\/\/frankfurt-liebenswert.de\/wp-content\/uploads\/Georg_Philipp_Telemann_by_Georg_Lichtensteger.jpg\" width=\"201\" height=\"241\" \/>Neben Johann Sebastian Bach und Georg Friedrich H\u00e4ndel gilt Telemann als der dritte gro\u00dfe deutsche Barockkomponist. Als innovativster und produktivster Komponist seiner Zeit war er ber\u00fchmter als Bach. Von 1712 bis 1721 war er st\u00e4dtischer Kapellmeister in Frankfurt und hob das Musikleben der Stadt auf ein bis dahin nicht gekanntes Niveau. Seine Hauptaufgabe war die Leitung der Kirchenmusik an der Barf\u00fc\u00dferkirche und der Katharinenkirche. In diesem Vortrag soll an seine Frankfurter Zeit erinnert werden.<\/p>\n<div>Autor: Carsten Schw\u00f6bel<\/div>\n<h5><strong><span style=\"color: #ff0000;\"><span style=\"color: #008000;\"><span style=\"color: #000000;\"><span style=\"color: #0000ff;\">Gew\u00fcrzgeschichte(n) &#8211; nicht nur zur Weihnachtsb\u00e4ckerei<\/span><\/span><\/span><\/span><\/strong><\/h5>\n<p>An Festen kommt alles auf den Tisch, was gut und teuer ist. Und teuer waren sie einst, die Gew\u00fcrze in Lebkuchen und Pl\u00e4tzchen. Wie kamen\u00a0 \u00fcberhaupt Muskatnuss, Zimt Vanille und Kardamom zu uns.<\/p>\n<div>Autorin: Angelika Ramm-Fischer<\/div>\n<h5><span style=\"color: #0000ff;\"><strong>Virtueller Spaziergang durch die Stadtgeschichte<\/strong><\/span><\/h5>\n<p><u>Erster Teil:<\/u>\u00a0Die Altstadt<\/p>\n<p>Die Altstadt umfasst das Gebiet der ersten Stadtbefestigung \u2013 bekannt als die Staufermauer mit Dom, R\u00f6mer und Paulskirche. Hierzu gibt es Informationen zur Gr\u00fcndung Frankfurts und den Aufstieg zur Wahl- und Kr\u00f6nungsstadt der deutschen Kaiser des Heiligen R\u00f6mischen Reiches.\u00a0Sie erhalten Informationen zum Kaiserdom und R\u00f6mer, der Leonhardskirche, der Paulskirche und der Liebfrauenkirche. Mit dem Vergleich des Merian-Plans von 1628 und dem heutigen Stadtplan sind viele Gemeinsamkeiten zu entdecken.<\/p>\n<p><u>Zweiter Teil:<\/u><\/p>\n<p>Die Frankfurter Neustadt\u00a0behandelt historisch und geografisch das Gebiet nach der Stadterweiterung von 1333 durch Ludwig der Bayer bis zu den Wallanlagen mit Hauptwache, Eschenheimer Turm und Alter Oper.<\/p>\n<p>Autorin: Gabriele Steiner<\/p>\n<h5><span style=\"color: #0000ff;\"><strong>Bildervortrag: Nida, eine r\u00f6mische Stadt in Fra<\/strong><strong>nkfurt am Main<\/strong><\/span><\/h5>\n<p>Die r\u00f6mische Stadt Nida im Nordwesten von Frankfurt war einst Hauptort der Civitas Taunensium. Ihre Geschichte Begann als Garnison f\u00fcr 1.000 Reitersoldaten. Ihre Bl\u00fctezeit erlebte sie als ziviles Verwaltungszentrum nach dem Bau des Limes im Taunus und in der Wetterau. Im 19. Jh.\u00a0 galten ihre Ruinen als &#8222;Teutsches Pompeji&#8220;.\u00a0 Im 20. Jh. zerst\u00f6rten Bauarbeiten f\u00fcr die R\u00f6merstadt und f\u00fcr die Nordweststadt Gro\u00dfteile des historischen Erbes. Dennoch gelingt es den Arch\u00e4ologen der Stadt Frankfurt mit den vorhandenen Fundst\u00fccken ein lebendiges Bild der r\u00f6mischen Vergangenheit zu zeichnen.<\/p>\n<p>Autor: Kurt Reichmann<\/p>\n<h5 class=\"elementToProof\"><span style=\"color: #0000ff;\"><strong>Die j\u00fcngste Altstadt der Welt : Frankfurts neue Altstadt<\/strong><\/span><\/h5>\n<div class=\"elementToProof\">Mittlerweile ist die &#8222;neue Altstadt&#8220; 7 Jahre alt. Wie es zur Wiederbelebung des Gebietes zwischen Dom und R\u00f6mer, das im 2. Weltkrieg komplett ein Opfer der Flammen wurde, konnte nicht vollst\u00e4ndig rekonstruiert werden. Warum das so ist, wie dennoch ein Eindruck des alten Frankfurts erreicht werden konnte und inwieweit sich einst und jetzt von einander unterscheiden, zeigt Angelika Ramm-Fischer in einem Bildervortrag.<\/div>\n<div><\/div>\n<div>Autorin: Angelika Ramm-Fischer<\/div>\n<div><\/div>\n<div><\/div>\n<div>\n<h5><span style=\"color: #0000ff;\"><strong>Bildervortrag: Vom Dom zum Kaisersaal<\/strong><\/span><\/h5>\n<p>Im Zweiten Weltkrieg wurde die Frankfurter Altstadt vollst\u00e4ndig zerst\u00f6rt. Der Wiederaufbau in den Jahren 2013 bis 2018 macht es uns heute m\u00f6glich, den mittelalterlichen Kr\u00f6nungsweg deutscher K\u00f6nige und Kaiser von der Bartholom\u00e4uskirche zum Kaisersaal im R\u00f6mer nachzuvollziehen und unterwegs einen unterhaltsamen Ausflug in die Frankfurter Stadtgeschichte zu machen.<\/p>\n<p>Autor: Kurt Reichmann<\/p>\n<\/div>\n<h5><span style=\"color: #0000ff;\"><strong>Im Fluss der Zeit &#8211; die Alte Br\u00fccke zu Frankfurt am Main<\/strong><\/span><\/h5>\n<p><img loading=\"lazy\" decoding=\"async\" class=\"size-medium wp-image-2052 aligncenter\" src=\"https:\/\/frankfurt-liebenswert.de\/wp-content\/uploads\/Alte-Bruecke-300x167.jpg\" alt=\"\" width=\"300\" height=\"167\" srcset=\"https:\/\/frankfurt-liebenswert.de\/wp-content\/uploads\/Alte-Bruecke-300x167.jpg 300w, https:\/\/frankfurt-liebenswert.de\/wp-content\/uploads\/Alte-Bruecke-672x372.jpg 672w, https:\/\/frankfurt-liebenswert.de\/wp-content\/uploads\/Alte-Bruecke.jpg 749w\" sizes=\"auto, (max-width: 300px) 100vw, 300px\" \/><\/p>\n<p>Die Br\u00fccke war als Nord-S\u00fcd-Verbindung nicht nur f\u00fcr den Handel wichtig. Auf ihr fanden Hinrichtungen statt, wurden Z\u00f6lle erhoben, Mehl gemahlen, Kanonen geladen und die Beute der Rattenf\u00e4nger quittiert. Welche Geschichte(n) sich um die Alte Br\u00fccke ranken, erz\u00e4hlt Angelika Ramm-Fischer in ihrem Bilder-Vortrag.<\/p>\n<p>Autorin: Angelika Ramm-Fischer<\/p>\n<div>\n<h5><span style=\"color: #0000ff;\"><strong>\u201eHaus aller Deutschen\u201c<\/strong><\/span><\/h5>\n<p><em>\u201eUnd es stand ein 40 Meter langer und 30 Meter breiter Rundbau mit einem Turm von 55 Meter H\u00f6he mitten in der Frankfurter Altstadt.\u201c<\/em><\/p>\n<p><em>\u00a0<\/em>Mit diesen Worten wurde 1833 die Fertigstellung der Frankfurter Paulskirche beschrieben. Diese Kirche gilt als das Symbol der deutschen Demokratie, da hier im Jahr 1848 die erste freigew\u00e4hlte Deutsche Nationalversammlung tagte. Aber warum fand diese wichtige Versammlung in Frankfurt und warum in der Paulskirche statt? Warum dauerte der Bau der Paulskirche \u00fcber 40 Jahre? Und was sagt das 32 Meter lange und 3 Meter hohe Wandbild in der Eingangshalle aus?<\/p>\n<p>Autorin: Gabriele Steiner<\/p>\n<h5><span style=\"color: #0000ff;\"><strong>Die Frankfurter Landwehr &#8211; und was davon noch \u00fcbrig ist<\/strong><\/span><\/h5>\n<p style=\"text-align: center;\"><img loading=\"lazy\" decoding=\"async\" class=\"size-medium wp-image-2162 aligncenter\" src=\"https:\/\/frankfurt-liebenswert.de\/wp-content\/uploads\/Portal-Riederhof-300x169.jpg\" alt=\"\" width=\"300\" height=\"169\" srcset=\"https:\/\/frankfurt-liebenswert.de\/wp-content\/uploads\/Portal-Riederhof-300x169.jpg 300w, https:\/\/frankfurt-liebenswert.de\/wp-content\/uploads\/Portal-Riederhof-768x432.jpg 768w, https:\/\/frankfurt-liebenswert.de\/wp-content\/uploads\/Portal-Riederhof.jpg 800w\" sizes=\"auto, (max-width: 300px) 100vw, 300px\" \/><\/p>\n<p style=\"text-align: left;\">Mit dem Bau der Landwehr als Teil der Stadtbefestigung hat Frankfurt im 14. Jahrhundert seine Landgemarkung gesch\u00fctzt. \u00dcber die Jahrhunderte hatte sie gr\u00f6\u00dfte Bedeutung. Der Abbau und Verfall der Anlagen besiegelte die Bedeutungslosigkeit der Anlagen. Einzelne \u00dcberreste sind noch heute im Stadtbild erhalten.\u00a0 Diesen Teil der Frankfurter Geschichte\u00a0 sowie die der Warten und der Wehrh\u00f6fe wurden ausgiebig vorstellen.<\/p>\n<p>Autor: Hans Joachim Doege<\/p>\n<h5><span style=\"color: #0000ff;\"><strong>Geschichte der Wallanlagen in Frankfurt<\/strong><\/span><\/h5>\n<p>Vom Festungsbau zu den \u00f6ffentlichen Promenaden und privaten G\u00e4rten<\/p>\n<p>\u201eUm die gantze Stadt ein Parck\u201c \u2013 so begeistert beschrieb \u201eFrau Aja\u201c in einem Brief an ihren Sohn Wolfang Goethe in Weimar die geschaffenen Parkanlagen, die damals weit \u00fcber die Grenzen Frankfurts hinaus Aufsehen erregten.<\/p>\n<p>Autorin: Gabriele Steiner<\/p>\n<h5 class=\"elementToProof\"><span style=\"color: #0000ff;\"><b>&#8222;Von Mauern zu G\u00e4rten&#8220;<\/b><\/span><\/h5>\n<div class=\"elementToProof\">&#8211; wie aus der Stadtbefestigung Anfang des 19. Jahrhunderts die Wallanlagen mit ihren vielen Denkmalen wurden, erkl\u00e4rt Angelika Ramm-Fischer vom Freundeskreis Liebenswertes Frankfurt e,V.<\/div>\n<\/div>\n<div><\/div>\n<div>Autorin: Angelika Ramm-Fischer<\/div>\n<div><\/div>\n<div><\/div>\n<div>\n<h5><span style=\"color: #0000ff;\"><strong>Zeitreise<\/strong><\/span><\/h5>\n<p>Eine Reise in Bildern von ca. 1900 bis heute durch die Stadt am Main, die sich so schnell ver\u00e4ndert, wie keine andere Stadt in Deutschland.<\/p>\n<p>Wie war das Leben in der Zeit, als Frankfurt noch \u201ehundert Gassen\u201c hatte und was machten die Frankfurter in ihrer Freizeit?<\/p>\n<p>Aber nach dem Bombeninferno im 2. Weltkrieg &#8211; von dem Ferdinand Happ schrieb \u201eE Vorbild echter Stadtkultur vernicht bis uff die letzte Spur\u201c \u2013 richteten sich die Frankfurter in den Tr\u00fcmmern ein und arbeiteten gemeinsam am Wiederaufbau.<\/p>\n<p>Autorin: Gabriele Steiner<\/p>\n<\/div>\n<h4><span style=\"color: #0000ff;\"><strong>Die Geschichte der Nordweststadt<\/strong><\/span><\/h4>\n<p><img loading=\"lazy\" decoding=\"async\" class=\" wp-image-2175 aligncenter\" src=\"https:\/\/frankfurt-liebenswert.de\/wp-content\/uploads\/Nordweststadt-300x243.jpg\" alt=\"\" width=\"267\" height=\"217\" srcset=\"https:\/\/frankfurt-liebenswert.de\/wp-content\/uploads\/Nordweststadt-300x243.jpg 300w, https:\/\/frankfurt-liebenswert.de\/wp-content\/uploads\/Nordweststadt.jpg 516w\" sizes=\"auto, (max-width: 267px) 100vw, 267px\" \/><\/p>\n<p>Wohnungsnot und die Schaffung bezahlbarer Wohnungen f\u00fcr Menschen mit kleinem oder mittlerem Einkommen sind heute genauso aktuell wie vor 60 Jahren. Wie begegnete damals das weit \u00fcber die Stadtgrenzen Frankfurts hinaus beachtete Projekt &#8222;Nordweststadt&#8220; dieser Herausforderung? Und wie hat sich die Wohn- und Lebensqualit\u00e4t entwickelt in dieser Gro\u00dfsiedlung f\u00fcr 23.000 B\u00fcrgerinnen und B\u00fcrger der Stadt Frankfurt?\u00a0 Dies und noch mehr Interessantes wurde in dem Vortrag berichtet.<\/p>\n<p>Autor: Kurt Reichmann<\/p>\n<h5><span style=\"color: #0000ff;\"><strong>Frankfurts gr\u00fcne Lunge &#8211; gibt es sie ?<\/strong><\/span><\/h5>\n<p><span style=\"color: #ff0000;\"><strong style=\"font-size: 16px;\">\u00a0<\/strong><\/span>In dem Vortrag \u00fcber die gr\u00fcnen Fl\u00e4chen in Frankfurt werden nicht nur diese aufgez\u00e4hlt und kategorisiert, sondern es auch erl\u00e4utert,\u00a0 warum die Stadt diese Fl\u00e4chen hegt und pflegt. Auch wird versucht die Bedeutung dieser Fl\u00e4chen f\u00fcr die Stadt im Rahmen des Klimawandels zu geben.<\/p>\n<p>Autor: Hans Joachim Doege<\/p>\n<h5><span style=\"color: #0000ff;\">Der Frankfurter Hauptfriedhof und Grabst\u00e4tten bekannter Pers\u00f6nlichkeiten<\/span><\/h5>\n<p>Die Geschichte des Frankfurter Hauptfriedhofs und die Gr\u00fcnde f\u00fcr seine Erbauung, sowie die Errichtung der Gruftenhalle. Zu bekannten Pers\u00f6nlichkeiten auf dem Frankfurter Hauptfriedhof, die dort ihre letzte Ruhest\u00e4tte gefunden haben, gibt es kurze Einblicke in deren Leben. Dar\u00fcber hinaus erfolgt eine kleine Einf\u00fchrung in die Grabkultur<\/p>\n<p>Autorin: Gabriele Steiner<\/p>\n<h5><span style=\"color: #0000ff;\">Der Chinesische Garten<\/span><\/h5>\n<p>Der Chinesische Garten will Stille und Abgeschiedenheit bieten. Ein Platz zum Nachdenken \u00fcber die unterschiedlichen Werte des Lebens f\u00fcr jeden Menschen.<\/p>\n<p>Unternehmen Sie mit diesem Vortrag eine kurze Reise nach Fernost und tauchen Sie ein in die chinesische Mythologie, Baukunst und Symbolik. Erfahren Sie vieles \u00fcber die chinesische Gartenbaukunst und lernen Sie die Unterschiede zu einem deutschen Garten kennen.<\/p>\n<p>Autorin: Gabriele Steiner<\/p>\n<h5><span style=\"color: #0000ff;\"><strong>Stark im Recht<\/strong><\/span><\/h5>\n<p>Das Strafrecht in Frankfurt, das sich Ende des 13. Jahrhunderts ausgebildet hatte, hielt sich in seiner Grundstruktur bis 1806. \u201eBlutgerichtsbarkeit\u201c oder auch \u201epeinliche Strafen\u201c werden erkl\u00e4rt. Mit Hintergrundinformationen zu dem wohl bekanntesten Fall der damaligen Zeit, der Verurteilung der Susanna Margarethe Brand \u2013 bekannt als Gretchen in Goethes Faust.<\/p>\n<p>Autorin: Gabriele Steiner<\/p>\n<h5><span style=\"color: #0000ff;\"><strong>Das wahre Gretchen:\u00a0 <\/strong><strong>Ein Frankfurter Kriminalfall<\/strong><\/span><\/h5>\n<p>Die Geschichte der Dienstmagd Susanna Margaretha Brandt ist die Vorlage f\u00fcr Goethes Gretchen im \u201eFaust\u201c. Das Schicksal der Kindsm\u00f6rderin erregte die Gem\u00fcter damals wie heute.<\/p>\n<p>Susanna ist ein Kind ihrer Zeit und Gesellschaft. Sie hat weder lesen noch schreiben gelernt und sie meinte, bei ihrer Verf\u00fchrung und der T\u00f6tung ihres Kindes muss der Teufel im Spiel gewesen sein. Die Prozessakten dieses tragischen Falls sind heute noch vollst\u00e4ndig erhalten und gelten als Zeitdokument des Lebens der armen und ungebildeten Leute in der zweiten H\u00e4lfte des 18. Jahrhunderts. Der Urteilsspruch des Frankfurter Rats lautete: \u201eTod durch das Schwert\u201c.<\/p>\n<p>Autorin: Gabriele Steiner<\/p>\n<h5><span style=\"color: #0000ff;\"><strong>\u201eDer Schlingel hat sich die Welt erobert\u201c <\/strong><strong>Dr. Heinrich Hoffmann und sein Struwwelpeter<\/strong><\/span><\/h5>\n<p>Die Entstehungsgeschichte des Kinderbuchs und das Leben seines Sch\u00f6pfers Hoffmann.<\/p>\n<p>Warum schenkte Dr. Heinrich Hoffmann seinem Sohn die Geschichten, die wir heute als das Kinderbuch &#8222;Der Struwwelpeter&#8220; kennen, zu Weihnachten? Was wollte Hoffmann mit den einzelnen Kapiteln erreichen? Wer \u00fcberzeugte ihn, diese &#8222;gar lustigen Geschichten und drollige Bilder&#8220; zu vermarkten und unter welchen Pseudonymen schrieb Heinrich Hoffmann? Aber es geht auch um sein weniger bekanntes Wirken als Arzt f\u00fcr die Frankfurter Irrenanstalt und sein gesellschaftliches Engagement in der Frankfurter Stadtgesellschaft.<\/p>\n<p>Autorin: Gabriele Steiner<\/p>\n<div class=\"elementToProof\">\n<h5 class=\"elementToProof\"><span style=\"color: #0000ff;\"><b>&#8222;Mir wolle Batze-Bier&#8220; &#8211; Der Bierkrawall von 1873<\/b><\/span><\/h5>\n<div class=\"elementToProof\">18 verw\u00fcstete Wirtsh\u00e4user und 20 Tote waren die Bilanz des ber\u00fcchtigten Bierkrawalls im April 1873 &#8211; und das alles wegen einer Preiserh\u00f6hung um \u00bd Kreuzer. Wie es dazu kam, erz\u00e4hlt Angelika Ramm-Fischer vom Freundeskreis Liebenswertes Frankfurt e.V.<\/div>\n<\/div>\n<div><\/div>\n<div>Autorin: Angelika Ramm-Fischer<\/div>\n<div><\/div>\n<div>\n<h5><span style=\"color: #0000ff;\"><strong>Frankfurter Frauenzimmer\u00a0 &#8211; ber\u00fchmt, ber\u00fcchtigt, wichtig<\/strong><\/span><\/h5>\n<p>Elisabeth Schwarzhaupt, Lotte Specht oder die Nitribitt &#8211; Alles Frauen, die im Ged\u00e4chtnis der Stadt verankert sind oder es sein sollten. Von diesen und anderen Frauen, die nicht nur f\u00fcr diese Stadt wichtig waren\u00a0 und noch mehr Interessantes wurde in dem Vortrag berichtet.<\/p>\n<p>Autorin: Angelika Ramm-Fischer<\/p>\n<h5 class=\"elementToProof\"><span style=\"color: #0000ff;\"><b>&#8222;Bad Homburger Schlossgeschichte(n)&#8220;<\/b><\/span><\/h5>\n<div class=\"elementToProof\">\u00a0&#8211; vom Prinz von Homburg, einer englischen Prinzessin und Kaiser Wilhelm II. Wie aus der winzigen Landgrafschaft ein florierender Kurort wurde, erz\u00e4hlt Angelika Ramm-Fischer vom Freundeskreis Liebenswertes Frankfurt e.V.<\/div>\n<\/div>\n<div><\/div>\n<div>Autorin: Angelika Ramm-Fischer<\/div>\n<div><\/div>\n<p><span style=\"color: #0000ff;\"><b style=\"font-size: 18px;\">Baedeker war nicht der erste &#8211; Kultur-Geschichte des Reisef\u00fchrers<\/b><\/span><\/p>\n<div>\n<div class=\"elementToProof\">Wer reist, braucht Informationen: wo geht&#8217;s lang? Wo bekomt man etwas zu essen?\u00a0Schon in der Antike und auch f\u00fcr die Pilgerreisen im Mittelalter gab es entsprechende Hinweise. In welcher Form diese weitergeben wurden ud warum die B\u00fccher des Herrn Baedeker so gro\u00dfen Erfolg hatten , erz\u00e4hlt Ihnen Angelika Ramm-Fischer.<\/div>\n<\/div>\n<div><\/div>\n<div>Autorin: Angelika Ramm-Fischer<\/div>\n<h4><span style=\"color: #0000ff;\"><strong>Kulinarisches Weihnachten &#8211; international<\/strong><\/span><\/h4>\n<p>Zu Weihnachten geh\u00f6rt in fast allen Nationen ein Festtagsschmaus &#8211; in Deutschland vielfach die Weihnachtsgans, in der Ukraine beispielsweise Kutja, ein s\u00fc\u00dfer Brei. Was in den vielen in Frankfurt vertretenden Nationen auf den Tisch kommt wurde an vielen Beispielen und Erz\u00e4hlungen veranschaulicht.<\/p>\n<p>Autorin: Angelika Ramm-Fischer<\/p>\n<h5><span style=\"color: #0000ff;\">Robert Koch (1843 -1910) &#8211; ein bewegtes Leben f\u00fcr die Bakteriologie\u00a0<\/span><\/h5>\n<p><img loading=\"lazy\" decoding=\"async\" class=\"wp-image-2124 aligncenter\" src=\"https:\/\/frankfurt-liebenswert.de\/wp-content\/uploads\/Screenshot-2024-10-18-170901-249x300.png\" alt=\"\" width=\"155\" height=\"187\" srcset=\"https:\/\/frankfurt-liebenswert.de\/wp-content\/uploads\/Screenshot-2024-10-18-170901-249x300.png 249w, https:\/\/frankfurt-liebenswert.de\/wp-content\/uploads\/Screenshot-2024-10-18-170901.png 655w\" sizes=\"auto, (max-width: 155px) 100vw, 155px\" \/><\/p>\n<p>Robert Koch hat nicht nur den Erreger der Tuberkulose entdeckt, sondern auch Milzbrand, Cholera und Schlafkrankheit erforscht &#8211; wof\u00fcr er erst einmal die Verfahren wie F\u00e4rbetechniken entwickeln musste.\u00a0 \u00dcber Kochs Erfolge im Kampf gegen die Infektionskrank-heiten wie Tuberkulose und Cholera, aber auch \u00fcber die R\u00fcckschl\u00e4ge wie den Tuberkulin-Skandal wurde interessant berichtet.<\/p>\n<p>Autorin: Angelika Ramm-Fischer<\/p>\n<div><\/div>\n<div>\n<h5 class=\"elementToProof\"><span style=\"color: #0000ff;\"><b>&#8222;Florence Nightingale (1820-1901) &#8211; vielmehr als nur eine\u00a0Krankenschwester&#8220;\u00a0<\/b><\/span><\/h5>\n<div class=\"elementToProof\">\u00a0Bekannt wurde sie als &#8222;Lady mit der Lampe&#8220; durch ihren aufopferungsvollen Einsatz in den Lazaretten des im Krim-Krieg 1854. Danach setzte sie sich daf\u00fcr ein, Politiker und Sponsoren von der Notwendigkeit einer guten Pflege als Voraussetzung zur Gesundung zu \u00fcberzeugen. Mit Erfolg: Dank ihr geh\u00f6rt Krankenpflege selbstverst\u00e4ndlich zum Medizinbetrieb dazu.<\/div>\n<\/div>\n<div><\/div>\n<div>Autorin: Angelika Ramm-Fischer<\/div>\n<div><\/div>\n<div>\n<h5 class=\"elementToProof\" style=\"line-height: 1.33333;\"><span style=\"color: #0000ff;\"><b>Jean Dominique Larrey \u2013 Chef-Milit\u00e4rarzt Napoleons und Krankenwagenerfinder<\/b><\/span><\/h5>\n<div class=\"elementToProof\">J. D. Larrey\u00a0(1766-1842 )\u00a0war Chirurg, Wissenschaftler, Erfinder, ein gro\u00dfartiger Organisator, nebenbei noch Held. Warum auf diesen Milit\u00e4rarzt Napoleons die\u00a0Grundz\u00fcge des heutigen Sanit\u00e4tswesens zur\u00fcckgehen, erz\u00e4hlt Angelika Ramm-Fischer vom Freundeskreis Liebenswertes Frankfurt e.V..<\/div>\n<\/div>\n<div><\/div>\n<div>Autorin: Angelika Ramm-Fischer<\/div>\n<div><\/div>\n<div>\n<h5><span style=\"color: #0000ff;\"><strong>\u201eAda-Ada-Schuhe &#8211; ein Gl\u00fcck f\u00fcr die F\u00fc\u00dfe\u201c<\/strong><\/span><\/h5>\n<p>Sicherlich hat jeder Frankfurter schon einmal einen Schuh dieser Fabrik getragen. Es wird die Geschichte der Frankfurter Schuhfabrik erz\u00e4hlt.<\/p>\n<p>Autor: Hans Joachim Doege<\/p>\n<h5><span style=\"color: #0000ff;\"><strong>Leopold Sonnemann &#8211; Bankier, Journalist, Verleger, Politiker und\u00a0M\u00e4zen<\/strong><\/span><\/h5>\n<p>Aus \u00e4rmlichen Verh\u00e4ltnissen aus der Provinz kommend hat sich eine aufstrebenden junger Mann zum zu einem der reichsten und einflussreichstem B\u00fcrger der Stadt Frankfurt gemacht. Duch seine Weitsicht und sein Interesse an neuem konnte das Frankfurter Leben erheblichen Aufschwung nehmen. Ihm hat Frankfurt einige Bauwerke und Institutionen zu verdanken. In dem Vortrag wird sein Leben erz\u00e4hlt.<\/p>\n<p>Autor: Hans Joachim Doege<\/p>\n<h5><span style=\"color: #0000ff;\"><strong>Der Personennahverkehr auf der Schiene in Frankfurt am Main \u2013 damals bis heute<\/strong><\/span><\/h5>\n<p>Dieser Bildervortrag ist eine Zeitreise vom Pferdewagen bis zur U-Bahn. Es werden die verschiedenen technischen Stationen des Frankfurter Transportnetzes vorgestellt. Dieses Netz reichte schon fr\u00fch \u00fcber die Grenzen von Frankfurt hinaus. Die nicht einfache Entwicklung hin zum RMV wird beleuchtet.<\/p>\n<p>Autor: Hans Joachim Doege<\/p>\n<h5><span style=\"color: #0000ff;\"><strong>\u201eFrankfurts alte Theater\u201c<\/strong><\/span><\/h5>\n<p>Das alte Frankfurt kannte viele Theater und B\u00fchnen. Sie waren Anziehungspunkt nicht nur f\u00fcr Wohlhabende sondern auch f\u00fcr Jedermann. In dem Bildervortrag werden die Geschichte von 6 Theatern erz\u00e4hlt \u2013 alle diese Theater sind heute verschwunden \u2013 leben aber in den Erz\u00e4hlungen der Alten, die diese Theater noch kennen, weiter.<\/p>\n<p>Autor: Hans Joachim Doege<\/p>\n<h5><span style=\"color: #0000ff;\"><strong>Siegfried zum Paradies<\/strong><\/span><\/h5>\n<p>Er war eine der au\u00dfergew\u00f6hnlichsten Pers\u00f6nlichkeiten des 14. Jahrhunderts in Frankfurt. Einer aus Marburg zugezogener mischte sich Mitte des 14 Jh. In die Geschicke der Freien Reichstadt Frankfurt am Main ein. Duch seine Beziehungen zu der Obrigkeit erlangte es schnell Aufmerksamkeit und die entsprechenden Positionen in der Stadt. Seine Drang nach Macht war nicht nach jedermanns Geschmack doch letztendlich hat Frankfurt davon profitiert. Das leben und Streben von Siegfried wird erz\u00e4hlt.<\/p>\n<\/div>\n<h6>Autor: Hans Joachim Doege<\/h6>\n<div><\/div>\n<div>\n<h5><span style=\"color: #0000ff;\"><strong>\u201eLeopold Sonnemann <\/strong>\u2026 Bankier, Verleger, Politiker und M\u00e4zen&#8220;<\/span><\/h5>\n<p>Leopold Sonnemann war ein Frankfurter Bankier, Verleger, Politiker und M\u00e4zen. Aus \u00e4rmlichen Verh\u00e4ltnissen aus der Provinz kommend hat sich ein aufstrebender junger Mann zu einem der reichsten und einflussreichstem B\u00fcrger der Stadt Frankfurt hoch gearbeitet. Durch seine Weitsicht und sein Interesse an Neuem konnte das Frankfurter Leben erheblichen Aufschwung nehmen. Ihm hat Frankfurt einige Bauwerke, Schenkungen und Institutionen zu verdanken.<\/p>\n<h6>Autor: Hans Joachim Doege<\/h6>\n<div><\/div>\n<\/div>\n","protected":false},"excerpt":{"rendered":"<p>Wir kommen mit unseren Bildervortr\u00e4gen gerne zu Ihnen. Wir ben\u00f6tigen einen Laptop, einen Projektor, eine Leinwand bzw. eine ausreichend gro\u00dfe helle Wand als Projektionsfl\u00e4che. Wir freuen uns immer wenn die Ger\u00e4te vor Ort vorhanden sind. Zur Not k\u00f6nnen wir Laptop und Projektor auch mitbringen.\u00a0 Senden Sie uns bei Interesse eine E-Mail an info@frankfurt-liebenswert.de. Unsere Autorinnen [&hellip;]<\/p>\n","protected":false},"author":12,"featured_media":0,"parent":19,"menu_order":1,"comment_status":"closed","ping_status":"closed","template":"","meta":{"footnotes":""},"class_list":["post-1885","page","type-page","status-publish","hentry"],"_links":{"self":[{"href":"https:\/\/frankfurt-liebenswert.de\/index.php?rest_route=\/wp\/v2\/pages\/1885","targetHints":{"allow":["GET"]}}],"collection":[{"href":"https:\/\/frankfurt-liebenswert.de\/index.php?rest_route=\/wp\/v2\/pages"}],"about":[{"href":"https:\/\/frankfurt-liebenswert.de\/index.php?rest_route=\/wp\/v2\/types\/page"}],"author":[{"embeddable":true,"href":"https:\/\/frankfurt-liebenswert.de\/index.php?rest_route=\/wp\/v2\/users\/12"}],"replies":[{"embeddable":true,"href":"https:\/\/frankfurt-liebenswert.de\/index.php?rest_route=%2Fwp%2Fv2%2Fcomments&post=1885"}],"version-history":[{"count":42,"href":"https:\/\/frankfurt-liebenswert.de\/index.php?rest_route=\/wp\/v2\/pages\/1885\/revisions"}],"predecessor-version":[{"id":2396,"href":"https:\/\/frankfurt-liebenswert.de\/index.php?rest_route=\/wp\/v2\/pages\/1885\/revisions\/2396"}],"up":[{"embeddable":true,"href":"https:\/\/frankfurt-liebenswert.de\/index.php?rest_route=\/wp\/v2\/pages\/19"}],"wp:attachment":[{"href":"https:\/\/frankfurt-liebenswert.de\/index.php?rest_route=%2Fwp%2Fv2%2Fmedia&parent=1885"}],"curies":[{"name":"wp","href":"https:\/\/api.w.org\/{rel}","templated":true}]}}