{"id":29,"date":"2014-03-04T16:23:37","date_gmt":"2014-03-04T14:23:37","guid":{"rendered":"http:\/\/frankfurt-liebenswert.de\/?page_id=29"},"modified":"2026-01-21T11:55:58","modified_gmt":"2026-01-21T10:55:58","slug":"wir-ueber-uns-2","status":"publish","type":"page","link":"https:\/\/frankfurt-liebenswert.de\/?page_id=29","title":{"rendered":"Wir \u00fcber uns"},"content":{"rendered":"<p>Wir sind eine engagierte Gruppe <strong>geschichtsin<\/strong><strong>teressierter Frankfurter<\/strong>, die sich zum Ziel gesetzt haben, nicht nur G\u00e4sten aus aller Welt, sondern vor allem Frankfurtern\u00a0 \u2013 Neuhinzugekommenen\u00a0 und Alteingesessenen \u2013 die liebenswerten Seiten unserer Stadt Frankfurt am Main zu zeigen und n\u00e4her zu bringen.<\/p>\n<p>Schon 1980 hatten wir hierzu einen gemeinn\u00fctzigen Verein gegr\u00fcndet, der 1988 auch direkt mit der Walter-M\u00f6ller-Plakette f\u00fcr \u201ebesondere Verdienste f\u00fcr das Gemeinwohl von der Stadt Frankfurt am Main\u201c geehrt wurde.\u00a0 <strong>Am 16. Januar 2026 hat eine Mitgliederversammlung nun die Aufl\u00f6sung des Vereins beschlossen und den Weg frei gemacht f\u00fcr die Liquidation.<\/strong>\u00a0 Das zunehmende Alter unserer Mitglieder hat diesen Schritt notwendig gemacht. Damit ist aber noch lange nicht Schluss! <strong>In einer kleinen Gruppe werden wir das Angebot als Freundeskreis liebenswertes Frankfurt aufrechterhalten &#8211;\u00a0 als freie B\u00fcrgerinitiative ohne Eintragung im Vereinsregister.<\/strong> Und noch immer immer sind wir auf der Suche nach neuen \u201eMitstreiterinnen\u201c und &#8222;Mitstreitern&#8220; f\u00fcr unsere Sache!<\/p>\n<h4>Was machen wir?<\/h4>\n<p>Zum einen f\u00fchren wir <strong>individuelle F\u00fchrungen<\/strong> zu kulturell und historisch besonders sehenswerten Orten durch.<br \/>\nOb \u201eFrankfurts neue Altstadt\u201c oder \u201everruchtes Bahnhofs<br \/>\nviertel\u201d, ob \u201eDom im Mittelalter\u201c oder \u201eNordweststadt:<br \/>\neine Stadt im Gr\u00fcnen\u201c \u2013 es gibt so viel zu entdecken,<br \/>\nerz\u00e4hlen und erfahren in und um Frankfurt. Unsere F\u00fchrungen dauern 1 bis 2 Stunden je nach Gruppengr\u00f6\u00dfe und Rundgang. Oft h\u00f6ren wir Reaktionen, wie \u201eHier war ich ja noch nie!\u201c oder \u201eDas war fr\u00fcher doch ganz anders!\u201c oder \u201eDas wusste ich ja gar nicht!\u201c \u2013 und<br \/>\ndas regelm\u00e4\u00dfig auch von Einheimischen.<\/p>\n<p>Zum anderen bieten wir auch eine F\u00fclle von\u00a0<strong>Bildervortr\u00e4gen <\/strong>an, die sich thematisch mit Frankfurt befassen und die wir monatlich f\u00fcr unseren Freundeskreis veranstalten. Nat\u00fcrlich sind G\u00e4ste immer herzlich willkommen. Unsere Bildervortr\u00e4ge dauern 1 bis 2 Stunden je nach Thema. Immer \u00f6fter halten wir auch Bildervortr\u00e4ge in<br \/>\nBegegnungszentren und Seniorenheimen f\u00fcr interessierte Menschen, die nicht mehr gut zu Fu\u00df sind.<\/p>\n<p>F\u00fchrungen und Vortr\u00e4ge sind f\u00fcr unsere G\u00e4ste prinzipiell kostenlos,\u00a0 wir freuen uns aber immer \u00fcber Spenden zur Finanzierung unserer Arbeit.<\/p>\n<h4>Wo kann man uns kennenlernen?<\/h4>\n<p>Wir treffen uns an jedem zweiten Dienstag eines Monats\u00a0 in der Gastst\u00e4tte \u201ePaulaner am Dom\u201c. Unsere regelm\u00e4\u00dfigen Bildervortr\u00e4ge finden an jedem dritten Mittwoch eines Monats um 17:00 Uhr in der Paulsgemeinde Neue Altstadt statt.<\/p>\n<p>Unsere Jahresausfl\u00fcge k\u00fcndigen wir auf unserer Homepage und auf der Plattform 55+ an. G\u00e4ste sind stets willkommen &#8211; Die Kosten muss im diesem Fall aber jeder selber tragen.<\/p>\n<p>Unseren letztj\u00e4hrigen Ausflug haben wir am <strong>24. September 2025<\/strong> nach <em><strong>Aschaffenburg<\/strong><\/em> gemacht. Dort haben wir eine F\u00fchrung im\u00a0 <em><strong>Pompejanum<\/strong><\/em> bekommen. Das gem\u00fctliche Beisammensein in einem nahegelegenen Lokal rundete den gelungenen Tag ab.<\/p>\n<p><img loading=\"lazy\" decoding=\"async\" class=\"\" src=\"https:\/\/frankfurt-liebenswert.de\/wp-content\/uploads\/Pompejanum-Artrium-IMG_1294-1-scaled.jpg\" width=\"230\" height=\"319\" \/> <img loading=\"lazy\" decoding=\"async\" class=\"\" src=\"https:\/\/frankfurt-liebenswert.de\/wp-content\/uploads\/Pompejanum-Fuehrung-IMG_1289-scaled.jpg\" width=\"235\" height=\"314\" \/><\/p>\n<p>Am <strong>20. September 2025<\/strong> fand in der Zentralbibliothek in der Hasengasse der <em><strong>Aktionstag 55+<\/strong><\/em> statt.\u00a0 Wir waren auch mit einem Stand vertreten.<\/p>\n<p><img decoding=\"async\" src=\"https:\/\/frankfurt-liebenswert.de\/wp-content\/uploads\/55-Balkonblick-IMG_1280.jpg\" \/><\/p>\n<p><img loading=\"lazy\" decoding=\"async\" class=\"\" src=\"https:\/\/frankfurt-liebenswert.de\/wp-content\/uploads\/Aktionstag-55-Stand-mit-Kurt-IMG_1277-scaled.jpg\" width=\"241\" height=\"286\" \/>\u00a0 \u00a0<img loading=\"lazy\" decoding=\"async\" class=\"\" src=\"https:\/\/frankfurt-liebenswert.de\/wp-content\/uploads\/55-Stand-Zentralbibliothek-IMG_1278-scaled.jpg\" width=\"217\" height=\"289\" \/><\/p>\n<p>&nbsp;<\/p>\n<hr \/>\n<p style=\"text-align: center;\"><span style=\"color: #999999;\">Freundeskreis liebenswertes Frankfurt\u00a0\u00a0<\/span><br \/>\n<span style=\"color: #339966;\"><a style=\"color: #339966;\" href=\"https:\/\/frankfurt-liebenswert.de\/\">info@frankfurt-liebenswert.de<\/a><\/span><\/p>\n<p style=\"text-align: center;\"><a href=\"https:\/\/frankfurt-liebenswert.de\/?page_id=34\">Impressum<\/a><br \/>\n<span style=\"color: #999999;\"><a href=\"https:\/\/frankfurt-liebenswert.de\/?page_id=835\">Datenschutz<\/a><\/span><br \/>\n<span style=\"color: #999999;\"><a href=\"https:\/\/frankfurt-liebenswert.de\/?page_id=838\">Haftungsausschluss<\/a><\/span><\/p>\n","protected":false},"excerpt":{"rendered":"<p>Wir sind eine engagierte Gruppe geschichtsinteressierter Frankfurter, die sich zum Ziel gesetzt haben, nicht nur G\u00e4sten aus aller Welt, sondern vor allem Frankfurtern\u00a0 \u2013 Neuhinzugekommenen\u00a0 und Alteingesessenen \u2013 die liebenswerten Seiten unserer Stadt Frankfurt am Main zu zeigen und n\u00e4her zu bringen. Schon 1980 hatten wir hierzu einen gemeinn\u00fctzigen Verein gegr\u00fcndet, der 1988 auch direkt [&hellip;]<\/p>\n","protected":false},"author":11,"featured_media":0,"parent":0,"menu_order":2,"comment_status":"closed","ping_status":"closed","template":"","meta":{"footnotes":""},"class_list":["post-29","page","type-page","status-publish","hentry"],"_links":{"self":[{"href":"https:\/\/frankfurt-liebenswert.de\/index.php?rest_route=\/wp\/v2\/pages\/29","targetHints":{"allow":["GET"]}}],"collection":[{"href":"https:\/\/frankfurt-liebenswert.de\/index.php?rest_route=\/wp\/v2\/pages"}],"about":[{"href":"https:\/\/frankfurt-liebenswert.de\/index.php?rest_route=\/wp\/v2\/types\/page"}],"author":[{"embeddable":true,"href":"https:\/\/frankfurt-liebenswert.de\/index.php?rest_route=\/wp\/v2\/users\/11"}],"replies":[{"embeddable":true,"href":"https:\/\/frankfurt-liebenswert.de\/index.php?rest_route=%2Fwp%2Fv2%2Fcomments&post=29"}],"version-history":[{"count":45,"href":"https:\/\/frankfurt-liebenswert.de\/index.php?rest_route=\/wp\/v2\/pages\/29\/revisions"}],"predecessor-version":[{"id":2377,"href":"https:\/\/frankfurt-liebenswert.de\/index.php?rest_route=\/wp\/v2\/pages\/29\/revisions\/2377"}],"wp:attachment":[{"href":"https:\/\/frankfurt-liebenswert.de\/index.php?rest_route=%2Fwp%2Fv2%2Fmedia&parent=29"}],"curies":[{"name":"wp","href":"https:\/\/api.w.org\/{rel}","templated":true}]}}